{"id":2919,"date":"2023-06-29T08:28:03","date_gmt":"2023-06-29T06:28:03","guid":{"rendered":"https:\/\/eklekto.ch\/?post_type=project&#038;p=2919"},"modified":"2026-01-21T12:06:44","modified_gmt":"2026-01-21T11:06:44","slug":"","status":"publish","type":"project","link":"https:\/\/eklekto.ch\/en\/project\/fete-de-la-musique-2023\/","title":{"rendered":"","raw":""},"content":{"rendered":"","protected":false,"raw":""},"parent":0,"template":"","class_list":["post-2919","project","type-project","status-publish","hentry"],"yoast_head":"<!-- This site is optimized with the Yoast SEO plugin v23.4 - https:\/\/yoast.com\/wordpress\/plugins\/seo\/ -->\n<title>F\u00eate de la musique (2023) | Eklekto<\/title>\n<meta name=\"robots\" content=\"index, follow, max-snippet:-1, max-image-preview:large, max-video-preview:-1\" \/>\n<link rel=\"canonical\" href=\"https:\/\/eklekto.ch\/project\/fete-de-la-musique-2023\/\" \/>\n<meta property=\"og:locale\" content=\"en_US\" \/>\n<meta property=\"og:type\" content=\"article\" \/>\n<meta property=\"og:title\" content=\"F\u00eate de la musique (2023) | Eklekto\" \/>\n<meta property=\"og:description\" content=\"Le 25 juin 2023, durant la F\u00eate de la musique, Eklekto a anim\u00e9 des ateliers de m\u00e9diation \u00ab\u00a0 Illusion Rythmique \u00bb de 10h \u00e0 12h, en lien direct avec les \u0153uvres jou\u00e9es lors du concert. Chacun a pu tour \u00e0 tour cr\u00e9er diff\u00e9rentes \u00ab architectures rythmiques \u00bb avec l\u2019aide de musiciens d\u2019Eklekto, qui ont d\u00e9voil\u00e9 [&hellip;]\" \/>\n<meta property=\"og:url\" content=\"https:\/\/eklekto.ch\/project\/fete-de-la-musique-2023\/\" \/>\n<meta property=\"og:site_name\" content=\"Eklekto\" \/>\n<meta property=\"article:publisher\" content=\"https:\/\/www.facebook.com\/eklektopercussion\" \/>\n<meta property=\"article:modified_time\" content=\"2026-01-21T11:06:44+00:00\" \/>\n<meta property=\"og:image\" content=\"https:\/\/eklekto.ch\/wp-content\/uploads\/20230625_101658-150x150.jpg\" \/>\n<meta name=\"twitter:card\" content=\"summary_large_image\" \/>\n<meta name=\"twitter:label1\" content=\"Est. reading time\" \/>\n\t<meta name=\"twitter:data1\" content=\"1 minute\" \/>\n<script type=\"application\/ld+json\" class=\"yoast-schema-graph\">{\"@context\":\"https:\/\/schema.org\",\"@graph\":[{\"@type\":\"WebPage\",\"@id\":\"https:\/\/eklekto.ch\/project\/fete-de-la-musique-2023\/\",\"url\":\"https:\/\/eklekto.ch\/project\/fete-de-la-musique-2023\/\",\"name\":\"F\u00eate de la musique (2023) | Eklekto\",\"isPartOf\":{\"@id\":\"https:\/\/eklekto.ch\/#website\"},\"datePublished\":\"2023-06-29T06:28:03+00:00\",\"dateModified\":\"2026-01-21T11:06:44+00:00\",\"breadcrumb\":{\"@id\":\"https:\/\/eklekto.ch\/project\/fete-de-la-musique-2023\/#breadcrumb\"},\"inLanguage\":\"en-US\",\"potentialAction\":[{\"@type\":\"ReadAction\",\"target\":[\"https:\/\/eklekto.ch\/project\/fete-de-la-musique-2023\/\"]}]},{\"@type\":\"BreadcrumbList\",\"@id\":\"https:\/\/eklekto.ch\/project\/fete-de-la-musique-2023\/#breadcrumb\",\"itemListElement\":[{\"@type\":\"ListItem\",\"position\":1,\"name\":\"Accueil\",\"item\":\"https:\/\/eklekto.ch\/\"},{\"@type\":\"ListItem\",\"position\":2,\"name\":\"Projet Description\",\"item\":\"https:\/\/eklekto.ch\/project\/\"},{\"@type\":\"ListItem\",\"position\":3,\"name\":\"F\u00eate de la musique (2023)\"}]},{\"@type\":\"WebSite\",\"@id\":\"https:\/\/eklekto.ch\/#website\",\"url\":\"https:\/\/eklekto.ch\/\",\"name\":\"Eklekto\",\"description\":\"Eklekto Geneva Percussion Center\",\"publisher\":{\"@id\":\"https:\/\/eklekto.ch\/#organization\"},\"alternateName\":\"Eklekto\",\"potentialAction\":[{\"@type\":\"SearchAction\",\"target\":{\"@type\":\"EntryPoint\",\"urlTemplate\":\"https:\/\/eklekto.ch\/?s={search_term_string}\"},\"query-input\":{\"@type\":\"PropertyValueSpecification\",\"valueRequired\":true,\"valueName\":\"search_term_string\"}}],\"inLanguage\":\"en-US\"},{\"@type\":\"Organization\",\"@id\":\"https:\/\/eklekto.ch\/#organization\",\"name\":\"Eklekto Geneva Percussion Center\",\"url\":\"https:\/\/eklekto.ch\/\",\"logo\":{\"@type\":\"ImageObject\",\"inLanguage\":\"en-US\",\"@id\":\"https:\/\/eklekto.ch\/#\/schema\/logo\/image\/\",\"url\":\"https:\/\/eklekto.ch\/wp-content\/uploads\/Eklekto_Logo-noir-sur-fond-blanc.jpg\",\"contentUrl\":\"https:\/\/eklekto.ch\/wp-content\/uploads\/Eklekto_Logo-noir-sur-fond-blanc.jpg\",\"width\":640,\"height\":317,\"caption\":\"Eklekto Geneva Percussion Center\"},\"image\":{\"@id\":\"https:\/\/eklekto.ch\/#\/schema\/logo\/image\/\"},\"sameAs\":[\"https:\/\/www.facebook.com\/eklektopercussion\",\"https:\/\/www.instagram.com\/eklekto_percussion\/\",\"https:\/\/www.youtube.com\/channel\/UCmkO9Je1ENSGNKNNsHcjP0g\",\"https:\/\/www.linkedin.com\/in\/eklekto-geneva-percussion-center-aa2b306b\/?originalSubdomain=ch\"]}]}<\/script>\n<!-- \/ Yoast SEO plugin. -->","yoast_head_json":{"title":"F\u00eate de la musique (2023) | Eklekto","robots":{"index":"index","follow":"follow","max-snippet":"max-snippet:-1","max-image-preview":"max-image-preview:large","max-video-preview":"max-video-preview:-1"},"canonical":"https:\/\/eklekto.ch\/project\/fete-de-la-musique-2023\/","og_locale":"en_US","og_type":"article","og_title":"F\u00eate de la musique (2023) | Eklekto","og_description":"Le 25 juin 2023, durant la F\u00eate de la musique, Eklekto a anim\u00e9 des ateliers de m\u00e9diation \u00ab\u00a0 Illusion Rythmique \u00bb de 10h \u00e0 12h, en lien direct avec les \u0153uvres jou\u00e9es lors du concert. Chacun a pu tour \u00e0 tour cr\u00e9er diff\u00e9rentes \u00ab architectures rythmiques \u00bb avec l\u2019aide de musiciens d\u2019Eklekto, qui ont d\u00e9voil\u00e9 [&hellip;]","og_url":"https:\/\/eklekto.ch\/project\/fete-de-la-musique-2023\/","og_site_name":"Eklekto","article_publisher":"https:\/\/www.facebook.com\/eklektopercussion","article_modified_time":"2026-01-21T11:06:44+00:00","og_image":[{"url":"https:\/\/eklekto.ch\/wp-content\/uploads\/20230625_101658-150x150.jpg"}],"twitter_card":"summary_large_image","twitter_misc":{"Est. reading time":"1 minute"},"schema":{"@context":"https:\/\/schema.org","@graph":[{"@type":"WebPage","@id":"https:\/\/eklekto.ch\/project\/fete-de-la-musique-2023\/","url":"https:\/\/eklekto.ch\/project\/fete-de-la-musique-2023\/","name":"F\u00eate de la musique (2023) | Eklekto","isPartOf":{"@id":"https:\/\/eklekto.ch\/#website"},"datePublished":"2023-06-29T06:28:03+00:00","dateModified":"2026-01-21T11:06:44+00:00","breadcrumb":{"@id":"https:\/\/eklekto.ch\/project\/fete-de-la-musique-2023\/#breadcrumb"},"inLanguage":"en-US","potentialAction":[{"@type":"ReadAction","target":["https:\/\/eklekto.ch\/project\/fete-de-la-musique-2023\/"]}]},{"@type":"BreadcrumbList","@id":"https:\/\/eklekto.ch\/project\/fete-de-la-musique-2023\/#breadcrumb","itemListElement":[{"@type":"ListItem","position":1,"name":"Accueil","item":"https:\/\/eklekto.ch\/"},{"@type":"ListItem","position":2,"name":"Projet Description","item":"https:\/\/eklekto.ch\/project\/"},{"@type":"ListItem","position":3,"name":"F\u00eate de la musique (2023)"}]},{"@type":"WebSite","@id":"https:\/\/eklekto.ch\/#website","url":"https:\/\/eklekto.ch\/","name":"Eklekto","description":"Eklekto Geneva Percussion Center","publisher":{"@id":"https:\/\/eklekto.ch\/#organization"},"alternateName":"Eklekto","potentialAction":[{"@type":"SearchAction","target":{"@type":"EntryPoint","urlTemplate":"https:\/\/eklekto.ch\/?s={search_term_string}"},"query-input":{"@type":"PropertyValueSpecification","valueRequired":true,"valueName":"search_term_string"}}],"inLanguage":"en-US"},{"@type":"Organization","@id":"https:\/\/eklekto.ch\/#organization","name":"Eklekto Geneva Percussion Center","url":"https:\/\/eklekto.ch\/","logo":{"@type":"ImageObject","inLanguage":"en-US","@id":"https:\/\/eklekto.ch\/#\/schema\/logo\/image\/","url":"https:\/\/eklekto.ch\/wp-content\/uploads\/Eklekto_Logo-noir-sur-fond-blanc.jpg","contentUrl":"https:\/\/eklekto.ch\/wp-content\/uploads\/Eklekto_Logo-noir-sur-fond-blanc.jpg","width":640,"height":317,"caption":"Eklekto Geneva Percussion Center"},"image":{"@id":"https:\/\/eklekto.ch\/#\/schema\/logo\/image\/"},"sameAs":["https:\/\/www.facebook.com\/eklektopercussion","https:\/\/www.instagram.com\/eklekto_percussion\/","https:\/\/www.youtube.com\/channel\/UCmkO9Je1ENSGNKNNsHcjP0g","https:\/\/www.linkedin.com\/in\/eklekto-geneva-percussion-center-aa2b306b\/?originalSubdomain=ch"]}]}},"meta":{"_fr_post_content":"Le 25 juin 2023, durant la F\u00eate de la musique, Eklekto a anim\u00e9 des ateliers de m\u00e9diation \u00ab\u00a0 Illusion Rythmique \u00bb de 10h \u00e0 12h, en lien direct avec les \u0153uvres jou\u00e9es lors du concert. Chacun a pu tour \u00e0 tour cr\u00e9er diff\u00e9rentes \u00ab architectures rythmiques \u00bb avec l\u2019aide de musiciens d\u2019Eklekto, qui ont d\u00e9voil\u00e9 leurs secrets pour r\u00e9aliser des images sonores inspir\u00e9es des pi\u00e8ces perform\u00e9es pendant le concert.\r\n\r\nDe 12h10 \u00e0 13h, deux \u0153uvres de Jaouen Rudolf ainsi que la pi\u00e8ce \u00ab Pl\u00e9iades \u00bb de Iannis Xenakis ont \u00e9t\u00e9 \u00e0 l\u2019honneur pour ce concert centr\u00e9 autour de la th\u00e9matique de l\u2019architecture rythmique.\r\n\r\nCe fut \u00e9galement l\u2019occasion de d\u00e9couvrir les Sixxens, instruments fabriqu\u00e9s par Eklekto sp\u00e9cifiquement pour la pi\u00e8ce \u00ab Pl\u00e9iades \u00bb, qui ne sont pas sans rappeler certaines sonorit\u00e9s orientales, de par le syst\u00e8me non temp\u00e9r\u00e9 de notes sur lequel ils sont construits.\r\n\r\n<a href=\"https:\/\/www.facebook.com\/watch\/live\/?extid=NS-UNK-UNK-UNK-AN_GK0T-GK1C&amp;mibextid=2Rb1fB&amp;ref=watch_permalink&amp;v=817263553328240\" target=\"_blank\" rel=\"noopener\">Vid\u00e9o<\/a>\r\n\r\n[gallery ids=\"2921,2922,2923\"]","_fr_post_excerpt":"","_fr_post_title":"F\u00eate de la musique (2023)","_fr_post_name":"fete-de-la-musique-2023","edit_language":"en"},"excerpt":{"raw":"","rendered":""},"_links":{"self":[{"href":"https:\/\/eklekto.ch\/en\/wp-json\/wp\/v2\/project\/2919"}],"collection":[{"href":"https:\/\/eklekto.ch\/en\/wp-json\/wp\/v2\/project"}],"about":[{"href":"https:\/\/eklekto.ch\/en\/wp-json\/wp\/v2\/types\/project"}],"wp:attachment":[{"href":"https:\/\/eklekto.ch\/en\/wp-json\/wp\/v2\/media?parent=2919"}],"curies":[{"name":"wp","href":"https:\/\/api.w.org\/{rel}","templated":true}]}}