{"id":2292,"date":"2022-11-23T15:24:29","date_gmt":"2022-11-23T14:24:29","guid":{"rendered":"https:\/\/eklekto.ch\/?post_type=project&#038;p=2292"},"modified":"2026-01-21T12:06:44","modified_gmt":"2026-01-21T11:06:44","slug":"","status":"publish","type":"project","link":"https:\/\/eklekto.ch\/en\/project\/extension-2022\/","title":{"rendered":"","raw":""},"content":{"rendered":"","protected":false,"raw":""},"parent":0,"template":"","class_list":["post-2292","project","type-project","status-publish","hentry"],"yoast_head":"<!-- This site is optimized with the Yoast SEO plugin v23.4 - https:\/\/yoast.com\/wordpress\/plugins\/seo\/ -->\n<title>Extension (2022) | Eklekto<\/title>\n<meta name=\"robots\" content=\"index, follow, max-snippet:-1, max-image-preview:large, max-video-preview:-1\" \/>\n<link rel=\"canonical\" href=\"https:\/\/eklekto.ch\/project\/extension-2022\/\" \/>\n<meta property=\"og:locale\" content=\"en_US\" \/>\n<meta property=\"og:type\" content=\"article\" \/>\n<meta property=\"og:title\" content=\"Extension (2022) | Eklekto\" \/>\n<meta property=\"og:description\" content=\"Eklekto r\u00e9cemment arriv\u00e9 aux 6 toits, nouveau laboratoire des arts vivants, vous a propos\u00e9 son premier travail d\u2019exploration musicale enti\u00e8rement cr\u00e9\u00e9 par des membres du collectif. Qui de mieux que des sp\u00e9cialistes de l\u2019instrument pour fa\u00e7onner ce nouveau champ des possibles? Partir d\u2019un son, d&#8217;une famille d\u2019instruments (peaux, m\u00e9taux et bois) et de l&#8217;\u00e9lectronique, pour [&hellip;]\" \/>\n<meta property=\"og:url\" content=\"https:\/\/eklekto.ch\/project\/extension-2022\/\" \/>\n<meta property=\"og:site_name\" content=\"Eklekto\" \/>\n<meta property=\"article:publisher\" content=\"https:\/\/www.facebook.com\/eklektopercussion\" \/>\n<meta property=\"article:modified_time\" content=\"2026-01-21T11:06:44+00:00\" \/>\n<meta name=\"twitter:card\" content=\"summary_large_image\" \/>\n<meta name=\"twitter:label1\" content=\"Est. reading time\" \/>\n\t<meta name=\"twitter:data1\" content=\"1 minute\" \/>\n<script type=\"application\/ld+json\" class=\"yoast-schema-graph\">{\"@context\":\"https:\/\/schema.org\",\"@graph\":[{\"@type\":\"WebPage\",\"@id\":\"https:\/\/eklekto.ch\/project\/extension-2022\/\",\"url\":\"https:\/\/eklekto.ch\/project\/extension-2022\/\",\"name\":\"Extension (2022) | Eklekto\",\"isPartOf\":{\"@id\":\"https:\/\/eklekto.ch\/#website\"},\"datePublished\":\"2022-11-23T14:24:29+00:00\",\"dateModified\":\"2026-01-21T11:06:44+00:00\",\"breadcrumb\":{\"@id\":\"https:\/\/eklekto.ch\/project\/extension-2022\/#breadcrumb\"},\"inLanguage\":\"en-US\",\"potentialAction\":[{\"@type\":\"ReadAction\",\"target\":[\"https:\/\/eklekto.ch\/project\/extension-2022\/\"]}]},{\"@type\":\"BreadcrumbList\",\"@id\":\"https:\/\/eklekto.ch\/project\/extension-2022\/#breadcrumb\",\"itemListElement\":[{\"@type\":\"ListItem\",\"position\":1,\"name\":\"Accueil\",\"item\":\"https:\/\/eklekto.ch\/\"},{\"@type\":\"ListItem\",\"position\":2,\"name\":\"Projet Description\",\"item\":\"https:\/\/eklekto.ch\/project\/\"},{\"@type\":\"ListItem\",\"position\":3,\"name\":\"Extension (2022)\"}]},{\"@type\":\"WebSite\",\"@id\":\"https:\/\/eklekto.ch\/#website\",\"url\":\"https:\/\/eklekto.ch\/\",\"name\":\"Eklekto\",\"description\":\"Eklekto Geneva Percussion Center\",\"publisher\":{\"@id\":\"https:\/\/eklekto.ch\/#organization\"},\"alternateName\":\"Eklekto\",\"potentialAction\":[{\"@type\":\"SearchAction\",\"target\":{\"@type\":\"EntryPoint\",\"urlTemplate\":\"https:\/\/eklekto.ch\/?s={search_term_string}\"},\"query-input\":{\"@type\":\"PropertyValueSpecification\",\"valueRequired\":true,\"valueName\":\"search_term_string\"}}],\"inLanguage\":\"en-US\"},{\"@type\":\"Organization\",\"@id\":\"https:\/\/eklekto.ch\/#organization\",\"name\":\"Eklekto Geneva Percussion Center\",\"url\":\"https:\/\/eklekto.ch\/\",\"logo\":{\"@type\":\"ImageObject\",\"inLanguage\":\"en-US\",\"@id\":\"https:\/\/eklekto.ch\/#\/schema\/logo\/image\/\",\"url\":\"https:\/\/eklekto.ch\/wp-content\/uploads\/Eklekto_Logo-noir-sur-fond-blanc.jpg\",\"contentUrl\":\"https:\/\/eklekto.ch\/wp-content\/uploads\/Eklekto_Logo-noir-sur-fond-blanc.jpg\",\"width\":640,\"height\":317,\"caption\":\"Eklekto Geneva Percussion Center\"},\"image\":{\"@id\":\"https:\/\/eklekto.ch\/#\/schema\/logo\/image\/\"},\"sameAs\":[\"https:\/\/www.facebook.com\/eklektopercussion\",\"https:\/\/www.instagram.com\/eklekto_percussion\/\",\"https:\/\/www.youtube.com\/channel\/UCmkO9Je1ENSGNKNNsHcjP0g\",\"https:\/\/www.linkedin.com\/in\/eklekto-geneva-percussion-center-aa2b306b\/?originalSubdomain=ch\"]}]}<\/script>\n<!-- \/ Yoast SEO plugin. -->","yoast_head_json":{"title":"Extension (2022) | Eklekto","robots":{"index":"index","follow":"follow","max-snippet":"max-snippet:-1","max-image-preview":"max-image-preview:large","max-video-preview":"max-video-preview:-1"},"canonical":"https:\/\/eklekto.ch\/project\/extension-2022\/","og_locale":"en_US","og_type":"article","og_title":"Extension (2022) | Eklekto","og_description":"Eklekto r\u00e9cemment arriv\u00e9 aux 6 toits, nouveau laboratoire des arts vivants, vous a propos\u00e9 son premier travail d\u2019exploration musicale enti\u00e8rement cr\u00e9\u00e9 par des membres du collectif. Qui de mieux que des sp\u00e9cialistes de l\u2019instrument pour fa\u00e7onner ce nouveau champ des possibles? Partir d\u2019un son, d&#8217;une famille d\u2019instruments (peaux, m\u00e9taux et bois) et de l&#8217;\u00e9lectronique, pour [&hellip;]","og_url":"https:\/\/eklekto.ch\/project\/extension-2022\/","og_site_name":"Eklekto","article_publisher":"https:\/\/www.facebook.com\/eklektopercussion","article_modified_time":"2026-01-21T11:06:44+00:00","twitter_card":"summary_large_image","twitter_misc":{"Est. reading time":"1 minute"},"schema":{"@context":"https:\/\/schema.org","@graph":[{"@type":"WebPage","@id":"https:\/\/eklekto.ch\/project\/extension-2022\/","url":"https:\/\/eklekto.ch\/project\/extension-2022\/","name":"Extension (2022) | Eklekto","isPartOf":{"@id":"https:\/\/eklekto.ch\/#website"},"datePublished":"2022-11-23T14:24:29+00:00","dateModified":"2026-01-21T11:06:44+00:00","breadcrumb":{"@id":"https:\/\/eklekto.ch\/project\/extension-2022\/#breadcrumb"},"inLanguage":"en-US","potentialAction":[{"@type":"ReadAction","target":["https:\/\/eklekto.ch\/project\/extension-2022\/"]}]},{"@type":"BreadcrumbList","@id":"https:\/\/eklekto.ch\/project\/extension-2022\/#breadcrumb","itemListElement":[{"@type":"ListItem","position":1,"name":"Accueil","item":"https:\/\/eklekto.ch\/"},{"@type":"ListItem","position":2,"name":"Projet Description","item":"https:\/\/eklekto.ch\/project\/"},{"@type":"ListItem","position":3,"name":"Extension (2022)"}]},{"@type":"WebSite","@id":"https:\/\/eklekto.ch\/#website","url":"https:\/\/eklekto.ch\/","name":"Eklekto","description":"Eklekto Geneva Percussion Center","publisher":{"@id":"https:\/\/eklekto.ch\/#organization"},"alternateName":"Eklekto","potentialAction":[{"@type":"SearchAction","target":{"@type":"EntryPoint","urlTemplate":"https:\/\/eklekto.ch\/?s={search_term_string}"},"query-input":{"@type":"PropertyValueSpecification","valueRequired":true,"valueName":"search_term_string"}}],"inLanguage":"en-US"},{"@type":"Organization","@id":"https:\/\/eklekto.ch\/#organization","name":"Eklekto Geneva Percussion Center","url":"https:\/\/eklekto.ch\/","logo":{"@type":"ImageObject","inLanguage":"en-US","@id":"https:\/\/eklekto.ch\/#\/schema\/logo\/image\/","url":"https:\/\/eklekto.ch\/wp-content\/uploads\/Eklekto_Logo-noir-sur-fond-blanc.jpg","contentUrl":"https:\/\/eklekto.ch\/wp-content\/uploads\/Eklekto_Logo-noir-sur-fond-blanc.jpg","width":640,"height":317,"caption":"Eklekto Geneva Percussion Center"},"image":{"@id":"https:\/\/eklekto.ch\/#\/schema\/logo\/image\/"},"sameAs":["https:\/\/www.facebook.com\/eklektopercussion","https:\/\/www.instagram.com\/eklekto_percussion\/","https:\/\/www.youtube.com\/channel\/UCmkO9Je1ENSGNKNNsHcjP0g","https:\/\/www.linkedin.com\/in\/eklekto-geneva-percussion-center-aa2b306b\/?originalSubdomain=ch"]}]}},"meta":{"_fr_post_content":"Eklekto <span class=\"s4\">r\u00e9cemment arriv\u00e9 aux 6 toits, nouveau laboratoire des arts vivants, vous a propos\u00e9 son premier travail d\u2019exploration musicale enti\u00e8rement cr\u00e9\u00e9 par des membres du collectif. Qui de mieux que des sp\u00e9cialistes de l\u2019instrument pour fa\u00e7onner ce nouveau champ des possibles?<\/span>\r\n\r\n<span class=\"s4\">Partir d\u2019un son, d'une famille d\u2019instruments (peaux, m\u00e9taux et bois) et de l'\u00e9lectronique, pour ouvrir diff\u00e9rentes possibilit\u00e9s de d\u00e9veloppement: transformation, mutation, spatialisation afin d\u2019atteindre un nouvel espace acoustique: l<\/span><span class=\"s4\">\u2019\u00ab<\/span><span class=\"s4\">Extension\u00bb.<\/span>","_fr_post_excerpt":"","_fr_post_title":"Extension (2022)","_fr_post_name":"extension-2022","edit_language":"en"},"excerpt":{"raw":"","rendered":""},"_links":{"self":[{"href":"https:\/\/eklekto.ch\/en\/wp-json\/wp\/v2\/project\/2292"}],"collection":[{"href":"https:\/\/eklekto.ch\/en\/wp-json\/wp\/v2\/project"}],"about":[{"href":"https:\/\/eklekto.ch\/en\/wp-json\/wp\/v2\/types\/project"}],"wp:attachment":[{"href":"https:\/\/eklekto.ch\/en\/wp-json\/wp\/v2\/media?parent=2292"}],"curies":[{"name":"wp","href":"https:\/\/api.w.org\/{rel}","templated":true}]}}