{"id":3124,"date":"2019-05-24T16:55:35","date_gmt":"2019-05-24T14:55:35","guid":{"rendered":"https:\/\/eklekto.ch\/?page_id=3124"},"modified":"2025-08-22T10:47:17","modified_gmt":"2025-08-22T08:47:17","slug":"film-instrumentarium-eklekto","status":"publish","type":"page","link":"https:\/\/eklekto.ch\/en\/presse\/film-instrumentarium-eklekto\/","title":{"rendered":"","raw":""},"content":{"rendered":"","protected":false,"raw":""},"excerpt":{"rendered":"","protected":false,"raw":""},"author":8,"featured_media":0,"parent":2540,"menu_order":3,"comment_status":"closed","ping_status":"closed","template":"","meta":{"om_disable_all_campaigns":false,"inline_featured_image":false,"_monsterinsights_skip_tracking":false,"_monsterinsights_sitenote_active":false,"_monsterinsights_sitenote_note":"","_monsterinsights_sitenote_category":0,"_fr_post_content":"<h1><strong>Film Instrumentarium Eklekto<\/strong><\/h1>\r\n&nbsp;\r\n<div class=\"page\" role=\"region\" data-page-number=\"1\" aria-label=\"Page 1\" data-loaded=\"true\">\r\n<div class=\"textLayer\">\r\n<p class=\"p1\">Le projet vise \u00e0 mettre en avant la riche collection de l\u2019instrumentarium d\u2019Eklekto. La ligne directrice se focalise sur l\u2019instrumentarium lui-m\u00eame, en le laissant parler comme un grand instrument de musique. La vid\u00e9o n\u2019est donc ni directement p\u00e9dagogique, ni un catalogue complet et exhaustif de toute la collection. Il n\u2019y a pas de discours parl\u00e9 qui accompagne le visionnement (pr\u00e9sentateur ou voix-off). L\u2019objet final s\u2019adresse ainsi au plus grand nombre, puisque il parle \u00e0 la facult\u00e9 de s\u2019\u00e9merveiller, tant par les sonorit\u00e9s que par le visuel des instruments mis en sc\u00e8ne. Le ma\u00eetre-mot est po\u00e9sie.<\/p>\r\n&nbsp;\r\n\r\n<\/div>\r\n<div class=\"textLayer\">\r\n<p class=\"p1\">Ce projet a e\u0301te\u0301 re\u0301alise\u0301 gra\u0302ce au soutien du Fond de transformation de l'Office de la Culture et du Sport de l'Etat de Gene\u0300ve et de la Ville de Gene\u0300ve.<\/p>\r\n<a href=\"https:\/\/www.youtube.com\/watch?v=VMS7Pi9kEq8\" target=\"_blank\" rel=\"noopener\">Lien Youtube<\/a>\r\n\r\n&nbsp;\r\n\r\n&nbsp;\r\n<div class=\"endOfContent active\"><\/div>\r\n<\/div>\r\n<\/div>\r\n<div class=\"page\" role=\"region\" data-page-number=\"2\" aria-label=\"Page 2\" data-loaded=\"true\">\r\n<div class=\"canvasWrapper\"><\/div>\r\n<div class=\"textLayer\"><\/div>\r\n<\/div>","_fr_post_name":"film-instrumentarium-eklekto","_fr_post_excerpt":"","_fr_post_title":"Film","_en_post_content":"","_en_post_name":"film-instrumentarium-eklekto","_en_post_excerpt":"","_en_post_title":"","edit_language":"en","footnotes":""},"class_list":["post-3124","page","type-page","status-publish","hentry"],"yoast_head":"<!-- This site is optimized with the Yoast SEO plugin v23.4 - https:\/\/yoast.com\/wordpress\/plugins\/seo\/ -->\n<title>Film Instrumentarium Eklekto<\/title>\n<meta name=\"robots\" content=\"index, follow, max-snippet:-1, max-image-preview:large, max-video-preview:-1\" \/>\n<link rel=\"canonical\" href=\"https:\/\/eklekto.ch\/presse\/film-instrumentarium-eklekto\/\" \/>\n<meta property=\"og:locale\" content=\"en_US\" \/>\n<meta property=\"og:type\" content=\"article\" \/>\n<meta property=\"og:title\" content=\"Film Instrumentarium Eklekto\" \/>\n<meta property=\"og:description\" content=\"Film Instrumentarium Eklekto &nbsp; Le projet vise \u00e0 mettre en avant la riche collection de l\u2019instrumentarium d\u2019Eklekto. La ligne directrice se focalise sur l\u2019instrumentarium lui-m\u00eame, en le laissant parler comme un grand instrument de musique. La vid\u00e9o n\u2019est donc ni directement p\u00e9dagogique, ni un catalogue complet et exhaustif de toute la collection. Il n\u2019y a [&hellip;]\" \/>\n<meta property=\"og:url\" content=\"https:\/\/eklekto.ch\/presse\/film-instrumentarium-eklekto\/\" \/>\n<meta property=\"og:site_name\" content=\"Eklekto\" \/>\n<meta property=\"article:publisher\" content=\"https:\/\/www.facebook.com\/eklektopercussion\" \/>\n<meta property=\"article:modified_time\" content=\"2025-08-22T08:47:17+00:00\" \/>\n<meta name=\"twitter:card\" content=\"summary_large_image\" \/>\n<meta name=\"twitter:label1\" content=\"Est. reading time\" \/>\n\t<meta name=\"twitter:data1\" content=\"1 minute\" \/>\n<script type=\"application\/ld+json\" class=\"yoast-schema-graph\">{\"@context\":\"https:\/\/schema.org\",\"@graph\":[{\"@type\":\"WebPage\",\"@id\":\"https:\/\/eklekto.ch\/presse\/film-instrumentarium-eklekto\/\",\"url\":\"https:\/\/eklekto.ch\/presse\/film-instrumentarium-eklekto\/\",\"name\":\"Film Instrumentarium Eklekto\",\"isPartOf\":{\"@id\":\"https:\/\/eklekto.ch\/#website\"},\"datePublished\":\"2019-05-24T14:55:35+00:00\",\"dateModified\":\"2025-08-22T08:47:17+00:00\",\"breadcrumb\":{\"@id\":\"https:\/\/eklekto.ch\/presse\/film-instrumentarium-eklekto\/#breadcrumb\"},\"inLanguage\":\"en-US\",\"potentialAction\":[{\"@type\":\"ReadAction\",\"target\":[\"https:\/\/eklekto.ch\/presse\/film-instrumentarium-eklekto\/\"]}]},{\"@type\":\"BreadcrumbList\",\"@id\":\"https:\/\/eklekto.ch\/presse\/film-instrumentarium-eklekto\/#breadcrumb\",\"itemListElement\":[{\"@type\":\"ListItem\",\"position\":1,\"name\":\"Accueil\",\"item\":\"https:\/\/eklekto.ch\/\"},{\"@type\":\"ListItem\",\"position\":2,\"name\":\"Presse\",\"item\":\"https:\/\/eklekto.ch\/presse\/\"},{\"@type\":\"ListItem\",\"position\":3,\"name\":\"Film\"}]},{\"@type\":\"WebSite\",\"@id\":\"https:\/\/eklekto.ch\/#website\",\"url\":\"https:\/\/eklekto.ch\/\",\"name\":\"Eklekto\",\"description\":\"Eklekto Geneva Percussion Center\",\"publisher\":{\"@id\":\"https:\/\/eklekto.ch\/#organization\"},\"alternateName\":\"Eklekto\",\"potentialAction\":[{\"@type\":\"SearchAction\",\"target\":{\"@type\":\"EntryPoint\",\"urlTemplate\":\"https:\/\/eklekto.ch\/?s={search_term_string}\"},\"query-input\":{\"@type\":\"PropertyValueSpecification\",\"valueRequired\":true,\"valueName\":\"search_term_string\"}}],\"inLanguage\":\"en-US\"},{\"@type\":\"Organization\",\"@id\":\"https:\/\/eklekto.ch\/#organization\",\"name\":\"Eklekto Geneva Percussion Center\",\"url\":\"https:\/\/eklekto.ch\/\",\"logo\":{\"@type\":\"ImageObject\",\"inLanguage\":\"en-US\",\"@id\":\"https:\/\/eklekto.ch\/#\/schema\/logo\/image\/\",\"url\":\"https:\/\/eklekto.ch\/wp-content\/uploads\/Eklekto_Logo-noir-sur-fond-blanc.jpg\",\"contentUrl\":\"https:\/\/eklekto.ch\/wp-content\/uploads\/Eklekto_Logo-noir-sur-fond-blanc.jpg\",\"width\":640,\"height\":317,\"caption\":\"Eklekto Geneva Percussion Center\"},\"image\":{\"@id\":\"https:\/\/eklekto.ch\/#\/schema\/logo\/image\/\"},\"sameAs\":[\"https:\/\/www.facebook.com\/eklektopercussion\",\"https:\/\/www.instagram.com\/eklekto_percussion\/\",\"https:\/\/www.youtube.com\/channel\/UCmkO9Je1ENSGNKNNsHcjP0g\",\"https:\/\/www.linkedin.com\/in\/eklekto-geneva-percussion-center-aa2b306b\/?originalSubdomain=ch\"]}]}<\/script>\n<!-- \/ Yoast SEO plugin. -->","yoast_head_json":{"title":"Film Instrumentarium Eklekto","robots":{"index":"index","follow":"follow","max-snippet":"max-snippet:-1","max-image-preview":"max-image-preview:large","max-video-preview":"max-video-preview:-1"},"canonical":"https:\/\/eklekto.ch\/presse\/film-instrumentarium-eklekto\/","og_locale":"en_US","og_type":"article","og_title":"Film Instrumentarium Eklekto","og_description":"Film Instrumentarium Eklekto &nbsp; Le projet vise \u00e0 mettre en avant la riche collection de l\u2019instrumentarium d\u2019Eklekto. La ligne directrice se focalise sur l\u2019instrumentarium lui-m\u00eame, en le laissant parler comme un grand instrument de musique. La vid\u00e9o n\u2019est donc ni directement p\u00e9dagogique, ni un catalogue complet et exhaustif de toute la collection. Il n\u2019y a [&hellip;]","og_url":"https:\/\/eklekto.ch\/presse\/film-instrumentarium-eklekto\/","og_site_name":"Eklekto","article_publisher":"https:\/\/www.facebook.com\/eklektopercussion","article_modified_time":"2025-08-22T08:47:17+00:00","twitter_card":"summary_large_image","twitter_misc":{"Est. reading time":"1 minute"},"schema":{"@context":"https:\/\/schema.org","@graph":[{"@type":"WebPage","@id":"https:\/\/eklekto.ch\/presse\/film-instrumentarium-eklekto\/","url":"https:\/\/eklekto.ch\/presse\/film-instrumentarium-eklekto\/","name":"Film Instrumentarium Eklekto","isPartOf":{"@id":"https:\/\/eklekto.ch\/#website"},"datePublished":"2019-05-24T14:55:35+00:00","dateModified":"2025-08-22T08:47:17+00:00","breadcrumb":{"@id":"https:\/\/eklekto.ch\/presse\/film-instrumentarium-eklekto\/#breadcrumb"},"inLanguage":"en-US","potentialAction":[{"@type":"ReadAction","target":["https:\/\/eklekto.ch\/presse\/film-instrumentarium-eklekto\/"]}]},{"@type":"BreadcrumbList","@id":"https:\/\/eklekto.ch\/presse\/film-instrumentarium-eklekto\/#breadcrumb","itemListElement":[{"@type":"ListItem","position":1,"name":"Accueil","item":"https:\/\/eklekto.ch\/"},{"@type":"ListItem","position":2,"name":"Presse","item":"https:\/\/eklekto.ch\/presse\/"},{"@type":"ListItem","position":3,"name":"Film"}]},{"@type":"WebSite","@id":"https:\/\/eklekto.ch\/#website","url":"https:\/\/eklekto.ch\/","name":"Eklekto","description":"Eklekto Geneva Percussion Center","publisher":{"@id":"https:\/\/eklekto.ch\/#organization"},"alternateName":"Eklekto","potentialAction":[{"@type":"SearchAction","target":{"@type":"EntryPoint","urlTemplate":"https:\/\/eklekto.ch\/?s={search_term_string}"},"query-input":{"@type":"PropertyValueSpecification","valueRequired":true,"valueName":"search_term_string"}}],"inLanguage":"en-US"},{"@type":"Organization","@id":"https:\/\/eklekto.ch\/#organization","name":"Eklekto Geneva Percussion Center","url":"https:\/\/eklekto.ch\/","logo":{"@type":"ImageObject","inLanguage":"en-US","@id":"https:\/\/eklekto.ch\/#\/schema\/logo\/image\/","url":"https:\/\/eklekto.ch\/wp-content\/uploads\/Eklekto_Logo-noir-sur-fond-blanc.jpg","contentUrl":"https:\/\/eklekto.ch\/wp-content\/uploads\/Eklekto_Logo-noir-sur-fond-blanc.jpg","width":640,"height":317,"caption":"Eklekto Geneva Percussion Center"},"image":{"@id":"https:\/\/eklekto.ch\/#\/schema\/logo\/image\/"},"sameAs":["https:\/\/www.facebook.com\/eklektopercussion","https:\/\/www.instagram.com\/eklekto_percussion\/","https:\/\/www.youtube.com\/channel\/UCmkO9Je1ENSGNKNNsHcjP0g","https:\/\/www.linkedin.com\/in\/eklekto-geneva-percussion-center-aa2b306b\/?originalSubdomain=ch"]}]}},"_links":{"self":[{"href":"https:\/\/eklekto.ch\/en\/wp-json\/wp\/v2\/pages\/3124"}],"collection":[{"href":"https:\/\/eklekto.ch\/en\/wp-json\/wp\/v2\/pages"}],"about":[{"href":"https:\/\/eklekto.ch\/en\/wp-json\/wp\/v2\/types\/page"}],"author":[{"embeddable":true,"href":"https:\/\/eklekto.ch\/en\/wp-json\/wp\/v2\/users\/8"}],"replies":[{"embeddable":true,"href":"https:\/\/eklekto.ch\/en\/wp-json\/wp\/v2\/comments?post=3124"}],"version-history":[{"count":25,"href":"https:\/\/eklekto.ch\/en\/wp-json\/wp\/v2\/pages\/3124\/revisions"}],"predecessor-version":[{"id":4701,"href":"https:\/\/eklekto.ch\/en\/wp-json\/wp\/v2\/pages\/3124\/revisions\/4701"}],"up":[{"embeddable":true,"href":"https:\/\/eklekto.ch\/en\/wp-json\/wp\/v2\/pages\/2540"}],"wp:attachment":[{"href":"https:\/\/eklekto.ch\/en\/wp-json\/wp\/v2\/media?parent=3124"}],"curies":[{"name":"wp","href":"https:\/\/api.w.org\/{rel}","templated":true}]}}